{"id":581,"date":"2023-02-16T10:18:41","date_gmt":"2023-02-16T10:18:41","guid":{"rendered":"https:\/\/www.oliferm.com\/heim\/"},"modified":"2025-05-29T15:54:18","modified_gmt":"2025-05-29T15:54:18","slug":"heim","status":"publish","type":"page","link":"https:\/\/www.oliferm.com\/de\/","title":{"rendered":"Home"},"content":{"rendered":"\n<h2 class=\"wp-block-heading big\">Castelldans \u2013 Heimat des <strong>extra nativen Oliven\u00f6ls aus urspr\u00fcnglich reinem Land<\/strong><\/h2>\n\n<h3 class=\"wp-block-heading\">OliFERM, unser Oliven\u00f6l, das aus der Leidenschaft und Hingabe von Dutzenden Familien entsteht, die mit dem Land und seiner Geschichte tief verwurzelt sind.<\/h3>\n\n<p>In <a href=\"https:\/\/www.femturisme.cat\/es\/pueblos\/castelldans\">Castelldans<\/a> wachsen nicht nur Olivenb\u00e4ume, sondern auch Traditionen, Tr\u00e4ume und Hoffnungen. W\u00e4hrend sich die Zeiten \u00e4ndern, sich Prozesse \u00e4ndern, bleibt die Seele unseres Oliven\u00f6ls unver\u00e4ndert \u2013 rein, lebendig und einzigartig. Seit 1934.<\/p>\n\n<p><a href=\"https:\/\/www.oliferm.com\/tots-els-productes\/\">Hier geht es zum Oliven\u00f6l-Shop.<\/a><\/p>\n\n<p><\/p>\n","protected":false},"excerpt":{"rendered":"<p>Castelldans \u2013 Heimat des extra nativen Oliven\u00f6ls aus urspr\u00fcnglich reinem Land OliFERM, unser Oliven\u00f6l, das aus der Leidenschaft und Hingabe von Dutzenden Familien entsteht, die mit dem Land und seiner Geschichte tief verwurzelt sind. In Castelldans wachsen nicht nur Olivenb\u00e4ume, sondern auch Traditionen, Tr\u00e4ume und Hoffnungen. W\u00e4hrend sich die Zeiten \u00e4ndern, sich Prozesse \u00e4ndern, bleibt [&hellip;]<\/p>\n","protected":false},"author":1,"featured_media":539,"parent":0,"menu_order":0,"comment_status":"closed","ping_status":"closed","template":"page-custom.php","meta":{"_acf_changed":false,"footnotes":""},"class_list":["post-581","page","type-page","status-publish","has-post-thumbnail","hentry"],"acf":[],"yoast_head":"<!-- This site is optimized with the Yoast SEO plugin v27.5 - https:\/\/yoast.com\/product\/yoast-seo-wordpress\/ -->\n<title>Oliven\u00f6l Extra Virgen - OLIFERM<\/title>\n<meta name=\"description\" content=\"Oliven\u00f6l extra virgen OLIFERM. Oliven\u00f6l maximaler Qualit\u00e4t aus der Region &quot;Les Garrigues&quot;. Mechanisch extrahiert, um sein komplettes Geschmacksspektrum und die einzigartgen Eigenschaften der Arbequina-Oliven, zu erhalten.\" \/>\n<meta name=\"robots\" content=\"index, follow, max-snippet:-1, max-image-preview:large, max-video-preview:-1\" \/>\n<link rel=\"canonical\" href=\"https:\/\/www.oliferm.com\/de\/\" \/>\n<meta property=\"og:locale\" content=\"de_DE\" \/>\n<meta property=\"og:type\" content=\"article\" \/>\n<meta property=\"og:title\" content=\"Oliven\u00f6l Extra Virgen - OLIFERM\" \/>\n<meta property=\"og:description\" content=\"Oliven\u00f6l extra virgen OLIFERM. Oliven\u00f6l maximaler Qualit\u00e4t aus der Region &quot;Les Garrigues&quot;. Mechanisch extrahiert, um sein komplettes Geschmacksspektrum und die einzigartgen Eigenschaften der Arbequina-Oliven, zu erhalten.\" \/>\n<meta property=\"og:url\" content=\"https:\/\/www.oliferm.com\/de\/\" \/>\n<meta property=\"og:site_name\" content=\"OliFERM - Oli d&#039;Oliva Verge Extra\" \/>\n<meta property=\"article:publisher\" content=\"https:\/\/www.facebook.com\/oliferm\" \/>\n<meta property=\"article:modified_time\" content=\"2025-05-29T15:54:18+00:00\" \/>\n<meta property=\"og:image\" content=\"https:\/\/www.oliferm.com\/wp-content\/uploads\/2022\/03\/fav.png\" \/>\n\t<meta property=\"og:image:width\" content=\"348\" \/>\n\t<meta property=\"og:image:height\" content=\"347\" \/>\n\t<meta property=\"og:image:type\" content=\"image\/png\" \/>\n<meta name=\"twitter:card\" content=\"summary_large_image\" \/>\n<!-- \/ Yoast SEO plugin. -->","yoast_head_json":{"title":"Oliven\u00f6l Extra Virgen - OLIFERM","description":"Oliven\u00f6l extra virgen OLIFERM. Oliven\u00f6l maximaler Qualit\u00e4t aus der Region \"Les Garrigues\". Mechanisch extrahiert, um sein komplettes Geschmacksspektrum und die einzigartgen Eigenschaften der Arbequina-Oliven, zu erhalten.","robots":{"index":"index","follow":"follow","max-snippet":"max-snippet:-1","max-image-preview":"max-image-preview:large","max-video-preview":"max-video-preview:-1"},"canonical":"https:\/\/www.oliferm.com\/de\/","og_locale":"de_DE","og_type":"article","og_title":"Oliven\u00f6l Extra Virgen - OLIFERM","og_description":"Oliven\u00f6l extra virgen OLIFERM. Oliven\u00f6l maximaler Qualit\u00e4t aus der Region \"Les Garrigues\". Mechanisch extrahiert, um sein komplettes Geschmacksspektrum und die einzigartgen Eigenschaften der Arbequina-Oliven, zu erhalten.","og_url":"https:\/\/www.oliferm.com\/de\/","og_site_name":"OliFERM - Oli d&#039;Oliva Verge Extra","article_publisher":"https:\/\/www.facebook.com\/oliferm","article_modified_time":"2025-05-29T15:54:18+00:00","og_image":[{"width":348,"height":347,"url":"https:\/\/www.oliferm.com\/wp-content\/uploads\/2022\/03\/fav.png","type":"image\/png"}],"twitter_card":"summary_large_image","schema":{"@context":"https:\/\/schema.org","@graph":[{"@type":"WebPage","@id":"https:\/\/www.oliferm.com\/de\/","url":"https:\/\/www.oliferm.com\/de\/","name":"Oliven\u00f6l Extra Virgen - OLIFERM","isPartOf":{"@id":"https:\/\/www.oliferm.com\/#website"},"primaryImageOfPage":{"@id":"https:\/\/www.oliferm.com\/de\/#primaryimage"},"image":{"@id":"https:\/\/www.oliferm.com\/de\/#primaryimage"},"thumbnailUrl":"https:\/\/www.oliferm.com\/wp-content\/uploads\/2022\/03\/fav.png","datePublished":"2023-02-16T10:18:41+00:00","dateModified":"2025-05-29T15:54:18+00:00","description":"Oliven\u00f6l extra virgen OLIFERM. Oliven\u00f6l maximaler Qualit\u00e4t aus der Region \"Les Garrigues\". Mechanisch extrahiert, um sein komplettes Geschmacksspektrum und die einzigartgen Eigenschaften der Arbequina-Oliven, zu erhalten.","breadcrumb":{"@id":"https:\/\/www.oliferm.com\/de\/#breadcrumb"},"inLanguage":"de","potentialAction":[{"@type":"ReadAction","target":["https:\/\/www.oliferm.com\/de\/"]}]},{"@type":"ImageObject","inLanguage":"de","@id":"https:\/\/www.oliferm.com\/de\/#primaryimage","url":"https:\/\/www.oliferm.com\/wp-content\/uploads\/2022\/03\/fav.png","contentUrl":"https:\/\/www.oliferm.com\/wp-content\/uploads\/2022\/03\/fav.png","width":348,"height":347},{"@type":"BreadcrumbList","@id":"https:\/\/www.oliferm.com\/de\/#breadcrumb","itemListElement":[{"@type":"ListItem","position":1,"name":"Inici","item":"https:\/\/www.oliferm.com\/de\/"},{"@type":"ListItem","position":2,"name":"Home"}]},{"@type":"WebSite","@id":"https:\/\/www.oliferm.com\/#website","url":"https:\/\/www.oliferm.com\/","name":"OliFERM - Oli d&#039;Oliva Verge Extra","description":"Cooperativa de Castelldans","publisher":{"@id":"https:\/\/www.oliferm.com\/#organization"},"potentialAction":[{"@type":"SearchAction","target":{"@type":"EntryPoint","urlTemplate":"https:\/\/www.oliferm.com\/?s={search_term_string}"},"query-input":{"@type":"PropertyValueSpecification","valueRequired":true,"valueName":"search_term_string"}}],"inLanguage":"de"},{"@type":"Organization","@id":"https:\/\/www.oliferm.com\/#organization","name":"OliFERM - Cooperativa de Castelldans","url":"https:\/\/www.oliferm.com\/","logo":{"@type":"ImageObject","inLanguage":"de","@id":"https:\/\/www.oliferm.com\/#\/schema\/logo\/image\/","url":"https:\/\/www.oliferm.com\/wp-content\/uploads\/2022\/02\/logo-ppal.png","contentUrl":"https:\/\/www.oliferm.com\/wp-content\/uploads\/2022\/02\/logo-ppal.png","width":700,"height":542,"caption":"OliFERM - Cooperativa de Castelldans"},"image":{"@id":"https:\/\/www.oliferm.com\/#\/schema\/logo\/image\/"},"sameAs":["https:\/\/www.facebook.com\/oliferm","https:\/\/www.instagram.com\/cooperativacastelldans\/"]}]}},"_links":{"self":[{"href":"https:\/\/www.oliferm.com\/de\/wp-json\/wp\/v2\/pages\/581","targetHints":{"allow":["GET"]}}],"collection":[{"href":"https:\/\/www.oliferm.com\/de\/wp-json\/wp\/v2\/pages"}],"about":[{"href":"https:\/\/www.oliferm.com\/de\/wp-json\/wp\/v2\/types\/page"}],"author":[{"embeddable":true,"href":"https:\/\/www.oliferm.com\/de\/wp-json\/wp\/v2\/users\/1"}],"replies":[{"embeddable":true,"href":"https:\/\/www.oliferm.com\/de\/wp-json\/wp\/v2\/comments?post=581"}],"version-history":[{"count":0,"href":"https:\/\/www.oliferm.com\/de\/wp-json\/wp\/v2\/pages\/581\/revisions"}],"wp:featuredmedia":[{"embeddable":true,"href":"https:\/\/www.oliferm.com\/de\/wp-json\/wp\/v2\/media\/539"}],"wp:attachment":[{"href":"https:\/\/www.oliferm.com\/de\/wp-json\/wp\/v2\/media?parent=581"}],"curies":[{"name":"wp","href":"https:\/\/api.w.org\/{rel}","templated":true}]}}